{"id":18,"date":"2018-06-15T18:41:01","date_gmt":"2018-06-15T16:41:01","guid":{"rendered":"https:\/\/www.unionecomunibelvedereomorrodalbasanmarcello.it\/?page_id=18"},"modified":"2025-12-31T14:14:02","modified_gmt":"2025-12-31T13:14:02","slug":"home","status":"publish","type":"page","link":"https:\/\/www.unionecomunibelvedereomorrodalbasanmarcello.it\/","title":{"rendered":"Home page"},"content":{"rendered":"<p>&nbsp;<\/p>\n<table style=\"width: 100%; border-collapse: collapse;\" border=\"0\">\n<tbody>\n<tr>\n<td style=\"width: 33.3333%; text-align: center;\"><a href=\"http:\/\/www.comune.belvedere.an.it\/\"><img decoding=\"async\" loading=\"lazy\" class=\"alignnone wp-image-22\" src=\"https:\/\/www.unionecomunibelvedereomorrodalbasanmarcello.it\/wp-content\/uploads\/2018\/06\/logo-Belvedere_Ostrense-229x300.png\" alt=\"\" width=\"66\" height=\"86\" srcset=\"https:\/\/www.unionecomunibelvedereomorrodalbasanmarcello.it\/wp-content\/uploads\/2018\/06\/logo-Belvedere_Ostrense-229x300.png 229w, https:\/\/www.unionecomunibelvedereomorrodalbasanmarcello.it\/wp-content\/uploads\/2018\/06\/logo-Belvedere_Ostrense.png 382w\" sizes=\"(max-width: 66px) 100vw, 66px\" \/><\/a><\/td>\n<td style=\"width: 33.3333%; text-align: center;\"><a href=\"http:\/\/www.comune.morrodalba.an.it\/\"><img decoding=\"async\" loading=\"lazy\" class=\"alignnone wp-image-23\" src=\"https:\/\/www.unionecomunibelvedereomorrodalbasanmarcello.it\/wp-content\/uploads\/2018\/06\/logo-MorroAlba.png\" alt=\"\" width=\"73\" height=\"85\" \/><\/a><\/td>\n<td style=\"width: 33.3333%; text-align: center;\"><a href=\"http:\/\/www.comune.sanmarcello.an.it\/\"><img decoding=\"async\" loading=\"lazy\" class=\"alignnone wp-image-24\" src=\"https:\/\/www.unionecomunibelvedereomorrodalbasanmarcello.it\/wp-content\/uploads\/2018\/06\/logo_San_Marcello-257x300.png\" alt=\"\" width=\"73\" height=\"85\" srcset=\"https:\/\/www.unionecomunibelvedereomorrodalbasanmarcello.it\/wp-content\/uploads\/2018\/06\/logo_San_Marcello-257x300.png 257w, https:\/\/www.unionecomunibelvedereomorrodalbasanmarcello.it\/wp-content\/uploads\/2018\/06\/logo_San_Marcello.png 428w\" sizes=\"(max-width: 73px) 100vw, 73px\" \/><\/a><\/td>\n<\/tr>\n<tr>\n<td style=\"width: 33.3333%; text-align: center;\">Comune Belvedere Ostrense<\/td>\n<td style=\"width: 33.3333%; text-align: center;\">Comune Morro d&#8217;Alba<\/td>\n<td style=\"width: 33.3333%; text-align: center;\">Comune San Marcello<\/td>\n<\/tr>\n<\/tbody>\n<\/table>\n<p>&nbsp;<\/p>\n<p style=\"text-align: center;\"><!--more--><\/p>\n<p>&nbsp;<\/p>\n<p style=\"text-align: center;\" data-olk-copy-source=\"MessageBody\"><span style=\"color: #ff0000;\"><strong><span style=\"font-size: 24pt;\">AVVISO<\/span><\/strong><\/span><\/p>\n<p data-olk-copy-source=\"MessageBody\"><span style=\"font-size: 8pt;\">.<\/span><\/p>\n<p data-olk-copy-source=\"MessageBody\"><span style=\"font-size: 14pt;\">Si comunica che dal 01 gennaio 2026 il presente portale non sar\u00e0 pi\u00f9 attivo. Di seguito i link ai nuovi SUAP:<\/span><\/p>\n<p><span style=\"font-size: 14pt;\">SUAP Belvedere Ostrense:\u00a0<a title=\"https:\/\/suap.regione.marche.it\/belvedereostrense\" href=\"https:\/\/suap.regione.marche.it\/belvedereostrense\" data-auth=\"NotApplicable\" data-linkindex=\"1\">https:\/\/suap.regione.marche.it\/belvedereostrense<\/a><\/span><\/p>\n<p><span style=\"font-size: 14pt;\">SUAP Morro d\u2019Alba:\u00a0<a title=\"https:\/\/suap.regione.marche.it\/morrodalba\" href=\"https:\/\/suap.regione.marche.it\/morrodalba\" data-auth=\"NotApplicable\" data-linkindex=\"2\">https:\/\/suap.regione.marche.it\/morrodalba<\/a><\/span><\/p>\n<p><span style=\"font-size: 14pt;\">SUAP San Marcello:\u00a0<a title=\"https:\/\/suap.regione.marche.it\/sanmarcello\" href=\"https:\/\/suap.regione.marche.it\/sanmarcello\" data-auth=\"NotApplicable\" data-linkindex=\"3\">https:\/\/suap.regione.marche.it\/sanmarcello<\/a><\/span><\/p>\n<p>&nbsp;<\/p>\n<p style=\"text-align: center;\"><strong><span style=\"color: #0000ff; font-size: 24pt;\">AVVISO CHIUSURA TEMPORANEA ISOLA ECOLOGICA<\/span><\/strong><\/p>\n<p style=\"text-align: center;\"><a href=\"https:\/\/www.unionecomunibelvedereomorrodalbasanmarcello.it\/wp-content\/uploads\/2025\/12\/Avviso-chiusura-temporanea-isola-ecologica.jpeg\"><img decoding=\"async\" loading=\"lazy\" class=\"alignnone size-medium wp-image-1833\" src=\"https:\/\/www.unionecomunibelvedereomorrodalbasanmarcello.it\/wp-content\/uploads\/2025\/12\/Avviso-chiusura-temporanea-isola-ecologica-212x300.jpeg\" alt=\"\" width=\"212\" height=\"300\" srcset=\"https:\/\/www.unionecomunibelvedereomorrodalbasanmarcello.it\/wp-content\/uploads\/2025\/12\/Avviso-chiusura-temporanea-isola-ecologica-212x300.jpeg 212w, https:\/\/www.unionecomunibelvedereomorrodalbasanmarcello.it\/wp-content\/uploads\/2025\/12\/Avviso-chiusura-temporanea-isola-ecologica-724x1024.jpeg 724w, https:\/\/www.unionecomunibelvedereomorrodalbasanmarcello.it\/wp-content\/uploads\/2025\/12\/Avviso-chiusura-temporanea-isola-ecologica-768x1086.jpeg 768w, https:\/\/www.unionecomunibelvedereomorrodalbasanmarcello.it\/wp-content\/uploads\/2025\/12\/Avviso-chiusura-temporanea-isola-ecologica-1086x1536.jpeg 1086w, https:\/\/www.unionecomunibelvedereomorrodalbasanmarcello.it\/wp-content\/uploads\/2025\/12\/Avviso-chiusura-temporanea-isola-ecologica.jpeg 1131w\" sizes=\"(max-width: 212px) 100vw, 212px\" \/><\/a><\/p>\n<p>&nbsp;<\/p>\n<p style=\"text-align: center;\"><strong><span style=\"font-size: 24pt; color: #ff0000;\">AVVISO RIAPERTURA ISOLA ECOLOGICA<\/span><\/strong><\/p>\n<p style=\"text-align: center;\"><a href=\"https:\/\/www.unionecomunibelvedereomorrodalbasanmarcello.it\/wp-content\/uploads\/2025\/08\/AVVISO-RIAPERTURA-ISOLA-ECOLOGICA.docx\">AVVISO RIAPERTURA ISOLA ECOLOGICA<\/a><\/p>\n<p>&nbsp;<\/p>\n<p style=\"text-align: center;\"><span style=\"color: #0000ff; font-size: 36pt;\"><strong><span style=\"font-size: 24pt;\">AVVISO RATEIZZAZIONE TRASPORTO SCOLASTICO<\/span><\/strong><\/span><\/p>\n<p style=\"text-align: center;\"><a href=\"https:\/\/www.unionecomunibelvedereomorrodalbasanmarcello.it\/wp-content\/uploads\/2025\/07\/RICHIESTA-RATEIZZAZIONE-TRASPORTO-SCOLASTICO-A.S.2025_2026-.docx\">RICHIESTA-RATEIZZAZIONE-TRASPORTO-SCOLASTICO-A.S.2025_2026<\/a><\/p>\n<p>&nbsp;<\/p>\n<p style=\"text-align: center;\"><span style=\"font-size: 24pt;\"><span style=\"color: #ff0000;\"><strong>AVVISO TARI 2020\/2023<\/strong><\/span><\/span><\/p>\n<p style=\"text-align: center;\"><a href=\"https:\/\/www.unionecomunibelvedereomorrodalbasanmarcello.it\/wp-content\/uploads\/2025\/07\/AVVISO-TARI-2020-2021-2022-2023.docx\">AVVISO TARI 2020-2021-2022-2023<\/a><\/p>\n<p>&nbsp;<\/p>\n<p style=\"text-align: center;\"><span style=\"font-size: 24pt; color: #0000ff;\"><strong>AVVISO ISOLA ECOLOGICA<\/strong><\/span><\/p>\n<p style=\"text-align: center;\"><a href=\"https:\/\/www.unionecomunibelvedereomorrodalbasanmarcello.it\/wp-content\/uploads\/2025\/07\/AVVISO-CHIUSURA-ISOLA-ECOLOGICA.docx\">AVVISO CHIUSURA ISOLA ECOLOGICA<\/a><\/p>\n<p>&nbsp;<\/p>\n<p style=\"text-align: center;\"><span style=\"color: #ff0000; font-size: 14pt;\"><span style=\"font-size: 18pt;\"><strong>TRASPORTO SCOLASTICO 2025\/2026<\/strong><\/span><\/span><\/p>\n<p style=\"text-align: center;\"><a href=\"https:\/\/www.unionecomunibelvedereomorrodalbasanmarcello.it\/wp-content\/uploads\/2025\/07\/DOMANDA-ISCRIZIONE-TRASPORTO-SCOLASTICO-2025_2026.docx\">DOMANDA-ISCRIZIONE-TRASPORTO-SCOLASTICO 2025_2026<\/a><\/p>\n<p>&nbsp;<\/p>\n<p>&nbsp;<\/p>\n<p style=\"text-align: center;\"><span style=\"font-size: 36pt;\"><strong><span style=\"color: #0000ff;\">AVVISO REVOCA SERVIZI<\/span><\/strong><\/span><\/p>\n<p style=\"text-align: center;\"><span style=\"color: #0000ff;\"><strong><span style=\"font-size: 24pt;\">PL\/SUAP\/VERDE PUBBLICO<\/span><\/strong><\/span><\/p>\n<p style=\"text-align: center;\"><a href=\"https:\/\/www.unionecomunibelvedereomorrodalbasanmarcello.it\/wp-content\/uploads\/2025\/05\/AVVISO-SERVIZI-PL-SUAP-E-VERDE-PUBBLICO.docx\"><span style=\"color: #0000ff;\">AVVISO SERVIZI PL, SUAP E VERDE PUBBLICO<\/span><\/a><\/p>\n<p>&nbsp;<\/p>\n<p style=\"text-align: center;\"><span style=\"color: #ff0000; font-size: 24pt;\"><strong>COLONIA MARINA MINORI 2025<\/strong><\/span><\/p>\n<p style=\"text-align: center;\">La domanda di iscrizione e la scheda sanitaria sono allegate al Volantino<\/p>\n<p style=\"text-align: center;\"><a href=\"https:\/\/www.unionecomunibelvedereomorrodalbasanmarcello.it\/wp-content\/uploads\/2025\/04\/Volantino-colonia-marina-minori-2025.docx\">Volantino-colonia-marina-minori-2025<\/a><\/p>\n<p>&nbsp;<\/p>\n<p style=\"text-align: center;\"><span style=\"color: #0000ff; font-size: 18pt;\"><strong>AVVISO CHIUSURA ISOLA ECOLOGICA FE<\/strong><strong>STIVITA&#8217; PASQUALI<\/strong><\/span><\/p>\n<p style=\"text-align: center;\"><a href=\"https:\/\/www.unionecomunibelvedereomorrodalbasanmarcello.it\/wp-content\/uploads\/2025\/04\/AVVISO-ISOLA-ECOLOGICA.doc\">AVVISO ISOLA ECOLOGICA<\/a><\/p>\n<p>&nbsp;<\/p>\n<p>&nbsp;<\/p>\n<p style=\"text-align: center;\"><strong><span style=\"color: #0000ff; font-size: 18pt;\">AVVISO CHIUSURA ISOLA ECOLOGICA FESTIVITA&#8217; NATALIZIE<\/span><\/strong><\/p>\n<p style=\"text-align: center;\"><a href=\"https:\/\/www.unionecomunibelvedereomorrodalbasanmarcello.it\/wp-content\/uploads\/2024\/12\/AVVISO-ISOLA-ECOLOGICA-dicembre.doc\">AVVISO ISOLA ECOLOGICA &#8211; dicembre<\/a><\/p>\n<p>&nbsp;<\/p>\n<p><span style=\"color: #ff0000;\"><strong>MINISTERO DELL\u2019INTERNO -Chiarimenti sulla identificazione delle persone ospitate presso strutture ricettive e locazioni brevi -No all\u2019identificazione \u201cda remoto\u201d<\/strong><\/span><\/p>\n<p>Il Ministero dell&#8217;Interno -Dipartimento della Pubblica Sicurezza, con circolare del 18 novembre 2024, Prot. 0038138, ha stabilito norme specifiche riguardo all&#8217;identificazione delle persone ospitate presso strutture ricettive, come alberghi e altre forme di accoglienza. Alla luce della intensificazione del fenomeno delle cc.dd. \u201clocazioni brevi\u201d su tutto il territorio nazionale, legate ai numerosi eventi politici, culturali e religiosi in programmazione nel nostro Paese e tenuto conto dell\u2019evoluzione della difficile situazione internazionale, \u00e8 emersa la necessit\u00e0 \u2013-ricorda il Ministero -di attuare stringenti misure finalizzate a prevenire rischi per l\u2019ordine e la sicurezza pubblica in relazione all\u2019eventuale alloggiamento di persone pericolose e\/o legate ad organizzazioni criminali o terroristiche. A tale scopo, il Ministero ha ritenuto opportuno fornire chiarimenti in merito alle criticit\u00e0 connesse alla invalsa procedura di \u201cidentificazione da remoto\u201d degli ospiti delle strutture ricettive a breve termine mediante trasmissione informatica delle copie dei documenti e accesso negli alloggi con codice di apertura automatizzata, ovvero tramite installazione di key boxes all\u2019ingresso. Ora, considerato che tale modalit\u00e0 di ricezione della clientela, che evidentemente scavalca la fase dell\u2019identificazione personale degli ospiti al momento dell\u2019accesso alla struttura e non garantisce la verifica della corrispondenza del documento al suo portatore, secondo il Ministero dell\u2019interno eventuali procedure di check-in \u201cda remoto\u201d \u201cnon possono ritenersi satisfattive degli adempimenti di cui all\u2019articolo 109 (TULPS), cui sono tenuti i gestori di strutture ricettive\u201d. La gestione automatizzata del check-in e dell\u2019ingresso nella struttura, senza identificazione de visu degli ospiti, si configura, secondo il Ministero, \u201dquale procedura che rischia di disattendere la ratio della previsione normativa, non potendosi escludere che, dopo l\u2019invio dei documenti in via informatica, la struttura possa essere occupata da uno o pi\u00f9 soggetti le cui generalit\u00e0 restano ignote alla Questura competente, comportando un potenziale pericolo per la sicurezza della collettivit\u00e0\u201d.<\/p>\n<p>Pertanto, i gestori di strutture ricettive di ogni genere o tipologia (esercizi alberghieri e di altre strutture ricettive, comprese quelle che forniscono alloggio in tende, roulotte, nonch\u00e9 i proprietari o gestori di case e di appartamenti per vacanze e gli affittacamere, ivi compresi i gestori di strutture di accoglienza non convenzionali, locatori o sublocatori che locano immobili o parti di esso con contratti di durata inferiore a 30 giorni, ecc.), sono tenuti a verificare l\u2019identit\u00e0 degli ospiti -mediante verifica de visu -della corrispondenza tra persone alloggiate e documenti forniti, comunicandola alla Questura territorialmente competente esclusivamente secondo le modalit\u00e0 indicate dal decreto del Ministero dell\u2019interno del 7 gennaio 2013, recante \u201cDisposizioni concernenti la comunicazione alle autorit\u00e0 di pubblica sicurezza dell&#8217;arrivo di persone alloggiate in strutture ricettive\u201d, come modificato dal decreto del Ministero dell\u2019interno in data 16 settembre 2021, e cio\u00e8 tramite mezzi informatici o telematici, previa abilitazione all&#8217;inserimento dei dati nel sistema informatico istituito dal Ministero dell&#8217;Interno rilasciata dalla Questura territorialmente competente.<\/p>\n<p><em>Ecco alcuni punti chiave riguardo a questa regolamentazione:<\/em><\/p>\n<p><em> 1. Identificazione: Gli operatori delle strutture ricettive sono tenuti a richiedere un documento di identit\u00e0 valido agli ospiti al momento del check-in. Questo documento deve essere registrato nel sistema gestionale della struttura.<\/em><\/p>\n<p><em>2. Registrazione: Le informazioni raccolte devono essere inserite in un registro, che pu\u00f2 essere sia cartaceo che elettronico, a seconda delle procedure della struttura. Le informazioni di solito includono nome, cognome, data di nascita, e nazionalit\u00e0 dell&#8217;ospite.<\/em><\/p>\n<p><em>3. Comunicazione alle autorit\u00e0: Entro un determinato termine (solitamente 24 ore), le strutture ricettive devono comunicare le informazioni sugli ospiti alle autorit\u00e0 di pubblica sicurezza tramite i sistemi informatici previsti.<\/em><\/p>\n<p><em>4. Obbligo per tutte le strutture: Questa normativa si applica a tutti i tipi di strutture ricettive, incluse le affittacamere, i bed &amp; breakfast, e le case vacanza.<\/em><\/p>\n<p><em>5. Sanzioni: Vi sono sanzioni previste per le strutture che non ottemperano a queste disposizioni, incluse multe e possibili sanzioni amministrative.<\/em><\/p>\n<p><em>6. Privacy: I dati personali devono essere trattati nel rispetto delle normative sulla privacy e sulla protezione dei dati personali, come previsto dal GDPR.<\/em><\/p>\n<p>&nbsp;<\/p>\n<p>&nbsp;<\/p>\n<p style=\"text-align: center;\"><strong><span style=\"color: #0000ff; font-size: 18pt;\">AVVISO CHIUSURA ISOLA ECOLOGICA 02.11.2024<\/span><\/strong><\/p>\n<p style=\"text-align: center;\"><a href=\"https:\/\/www.unionecomunibelvedereomorrodalbasanmarcello.it\/wp-content\/uploads\/2024\/10\/AVVISO-ISOLA-ECOLOGICA.pdf\">AVVISO ISOLA ECOLOGICA<\/a><\/p>\n<p>&nbsp;<\/p>\n<p style=\"text-align: center;\"><span style=\"color: #0000ff; font-size: 18pt;\">AVVISO\u00a0<\/span><\/p>\n<div class=\"Bt1_top clearafter\">\n<h2 class=\"c_title\" style=\"text-align: center;\"><span id=\"dnn_ctr40194_dnnTITLE_titleLabel\" class=\"c_title_black\" style=\"color: #0000ff;\">Codice Identificativo Nazionale e BDSR- Banca Dati Strutture Ricettive<\/span><\/h2>\n<\/div>\n<div class=\"c_content_style\">\n<div id=\"dnn_ctr40194_ContentPane\" class=\"Bt1_content\">\n<div id=\"dnn_ctr40194_ModuleContent\" class=\"DNNModuleContent ModRegioneMarche2016TabHtmlC\">\n<div class=\"animation fadeInLeft1\"><\/div>\n<\/div>\n<\/div>\n<\/div>\n<p>DAL 3\/07\/2024\u00a0\u00a0la Regione Marche entra\u00a0nella fase sperimentale della\u00a0<a href=\"https:\/\/www.ministeroturismo.gov.it\/banca-dati-strutture-ricettive\/\">Banca Dati nazionale delle Strutture Ricettive e degli immobili destinati a locazione breve o per finalit\u00e0 turistiche (BDSR)<\/a>.<\/p>\n<p>Tramite la piattaforma \u00e8 possibile richiedere il\u00a0<strong>Codice Identificativo Nazionale (CIN),<\/strong>\u00a0da utilizzare per la pubblicazione degli annunci e per l\u2019esposizione all\u2019esterno delle strutture e degli immobili, ai sensi dell\u2019art. 13-ter del decreto-legge n. 145\/2023: effettuando l\u2019accesso tramite identit\u00e0 digitale, i titolari visualizzano i dati relativi alle strutture collegate al proprio Codice Fiscale, integrano le informazioni mancanti, segnalano eventuali modifiche e ottengono il CIN.<\/p>\n<p><em>Il processo di entrata in esercizio della BDSR ai sensi del\u00a0<a href=\"https:\/\/eur02.safelinks.protection.outlook.com\/?url=https%3A%2F%2Fwww.ministeroturismo.gov.it%2Fwp-content%2Fuploads%2F2024%2F06%2FDecreto-interoperabilita-BDSR_signed-1.pdf&amp;data=05%7C02%7Ccarla.alfonsi%40regione.marche.it%7C752c9f011b6a483ac9f308dc97417ad1%7C295eaa1431a14b09bfe65a338b679f60%7C0%7C0%7C638551555859032394%7CUnknown%7CTWFpbGZsb3d8eyJWIjoiMC4wLjAwMDAiLCJQIjoiV2luMzIiLCJBTiI6Ik1haWwiLCJXVCI6Mn0%3D%7C0%7C%7C%7C&amp;sdata=i2mZBjOWuKVPw3p90T6IejgNfjaZ%2F20cPQlqLlqKWBI%3D&amp;reserved=0\"><strong>Decreto del Ministero del Turismo del 06 giugno 2024 (prot. 16726\/24)<\/strong><\/a><\/em><em>\u00a0si articola in due fasi: una fase sperimentale per lo sviluppo del modello di interoperabilit\u00e0 e una fase a regime.<\/em><\/p>\n<p><em>La sperimentazione per le Marche inizier\u00e0 nel mese di Luglio: gli operatori marchigiani, quindi, avranno\u00a0<strong>due mesi in pi\u00f9 per adeguarsi e rispondere a quanto previsto dagli obblighi correlati al CIN<\/strong>\u00a0previsti dall\u2019apposita disciplina, riportata all\u2019art. 13-ter del decreto-legge n. 145\/2023, che prevede dal 1 Novembre 2024 anche la fase sanzionatoria.<\/em><\/p>\n<p>&nbsp;<\/p>\n<p style=\"text-align: center;\"><span style=\"color: #ff0000;\"><strong>AVVISO ORARIO APERTURA AL PUBBLICO\u00a0 AREA AMM.VO\/CONTABILE<\/strong><\/span><\/p>\n<p style=\"text-align: center;\"><a href=\"https:\/\/www.unionecomunibelvedereomorrodalbasanmarcello.it\/wp-content\/uploads\/2024\/08\/AVVISO-ORARIO-APERTURA-AL-PUBBLICO.pdf\">AVVISO ORARIO APERTURA AL PUBBLICO<\/a><\/p>\n<p>&nbsp;<\/p>\n<p style=\"text-align: center;\"><span style=\"color: #ff0000;\"><strong>AVVISO GIORNI DI CHIUSURA\u00a0<\/strong><strong>ISOLA ECOLOGICA<\/strong><\/span><\/p>\n<p style=\"text-align: center;\"><span style=\"color: #ff0000;\"><strong>MESE DI AGOSTO<\/strong><\/span><\/p>\n<p style=\"text-align: center;\"><a href=\"https:\/\/www.unionecomunibelvedereomorrodalbasanmarcello.it\/wp-content\/uploads\/2024\/08\/AVVISO-ISOLA-ECOLOGICA-agosto.pdf\">AVVISO ISOLA ECOLOGICA &#8211; agosto<\/a><\/p>\n<p>&nbsp;<\/p>\n<p style=\"text-align: center;\"><strong><span style=\"color: #ff0000;\">AVVISO RICHIESTA RATEIZZAZIONE TRASPORTO SCOLASTICO A.S.2024\/2025<\/span><\/strong><\/p>\n<p style=\"text-align: center;\"><a href=\"https:\/\/www.unionecomunibelvedereomorrodalbasanmarcello.it\/wp-content\/uploads\/2024\/07\/RICHIESTA-RATEIZZAZIONE-TRASPORTO-SCOLASTICO-A.S.20242025.docx\">RICHIESTA RATEIZZAZIONE TRASPORTO SCOLASTICO A.S.20242025<\/a><\/p>\n<p>&nbsp;<\/p>\n<p style=\"text-align: center;\"><span style=\"color: #ff0000;\"><strong>AVVISO NUOVE TARIFFE TRASPORTO SCOLASTICO<\/strong><\/span><\/p>\n<p style=\"text-align: center;\"><a href=\"https:\/\/www.unionecomunibelvedereomorrodalbasanmarcello.it\/wp-content\/uploads\/2024\/06\/comunicazione-nuove-tariffe-trasporto-scolastico.docx\">comunicazione nuove tariffe trasporto scolastico<\/a><\/p>\n<p style=\"text-align: center;\"><a href=\"https:\/\/www.unionecomunibelvedereomorrodalbasanmarcello.it\/wp-content\/uploads\/2024\/06\/DOMANDA-ISCRIZIONE-TRASPORTO-SCOLASTICO_2024-2025.docx\">DOMANDA-ISCRIZIONE-TRASPORTO-SCOLASTICO_2024-2025<\/a><\/p>\n<p>&nbsp;<\/p>\n<p style=\"text-align: center;\"><span style=\"color: #ff0000;\"><strong>AVVISO NUOVE TARIFFE MENSA SCOLASTICA<\/strong><\/span><\/p>\n<p style=\"text-align: center;\"><span style=\"color: #ff0000;\"><strong><a href=\"https:\/\/www.unionecomunibelvedereomorrodalbasanmarcello.it\/wp-content\/uploads\/2024\/06\/comunicazione-nuove-tariffe-mensa-1.docx\">comunicazione nuove tariffe mensa<\/a><\/strong><\/span><\/p>\n<p>&nbsp;<\/p>\n<p style=\"text-align: center;\"><span style=\"color: #ff0000;\"><strong>AVVISO CHIUSURA ISOLA ECOLOGICA<\/strong><\/span><\/p>\n<p style=\"text-align: center;\"><strong><span style=\"color: #000000;\">Si avvisa la cittadinanza che sabato 30 marzo 2024 l&#8217;Isola ecologica rester\u00e0 chiusa<\/span><\/strong><\/p>\n<p style=\"text-align: center;\"><a href=\"https:\/\/www.unionecomunibelvedereomorrodalbasanmarcello.it\/wp-content\/uploads\/2024\/03\/AVVISO-CHIUSURA-ISOLA-ECOLOGICA.pdf\">AVVISO CHIUSURA ISOLA ECOLOGICA<\/a><\/p>\n<p style=\"text-align: center;\"><strong>CONCORSO PUBBLICO, PER ESAMI, PER LA COPERTURA DI N. 2 POSTI di \u201cAGENTE DI<\/strong><br \/>\n<strong>POLIZIA LOCALE\u201d AREA DEGLI ISTRUTTORI (EX CAT. C), CON RAPPORTO DI LAVORO A<\/strong><br \/>\n<strong>TEMPO PIENO ED INDETERMINATO DI CUI UNO PRESSO IL COMUNE DI CASTELBELLINO E<\/strong><br \/>\n<strong>UNO PRESSO L\u2019UNIONE DEI COMUNI DI BELVEDERE OSTRENSE, MORRO D\u2019ALBA E SAN<\/strong><br \/>\n<strong>MARCELLO<\/strong><\/p>\n<p>https:\/\/www.inpa.gov.it\/bandi-e-avvisi\/dettaglio-bando-avviso\/?concorso_id=e2dc4c37626447feafe7027a2c11b536<\/p>\n<p><a href=\"https:\/\/www.unionecomunibelvedereomorrodalbasanmarcello.it\/wp-content\/uploads\/2024\/02\/CONCORSO-PUBBLICO-PER-ESAMI-PER-LA-COPERTURA-DI-N.-2-POSTI-di-AGENTE-DI.pdf\">CONCORSO PUBBLICO, PER ESAMI, PER LA COPERTURA DI N. 2 POSTI di \u201cAGENTE DI<\/a><\/p>\n<p>&nbsp;<\/p>\n<p style=\"text-align: center;\"><span style=\"font-size: 18pt; color: #0000ff;\">AVVISO<\/span><\/p>\n<p style=\"text-align: center;\"><strong>ORARIO DI APERTURA AL PUBBLICO UFFICIO POLIZIA LOCALE E SUAP<\/strong><\/p>\n<p style=\"text-align: center;\"><strong>MARTEDI&#8217; E\u00a0 GIOVEDI&#8217; DALLE 10.00 ALLE 12.00<\/strong><\/p>\n<p style=\"text-align: center;\"><a href=\"https:\/\/www.unionecomunibelvedereomorrodalbasanmarcello.it\/wp-content\/uploads\/2023\/10\/AVVISO-APERTURA-AL-PUBBLICO.pdf\">AVVISO APERTURA AL PUBBLICO<\/a><\/p>\n<p>&nbsp;<\/p>\n<p style=\"text-align: center;\"><span style=\"font-size: 24pt; color: #ff0000;\">AVVISO<\/span><\/p>\n<p style=\"text-align: center;\"><strong>COLONIA MARINA PER ADULTI 2023<\/strong><\/p>\n<p style=\"text-align: center;\"><a href=\"https:\/\/www.unionecomunibelvedereomorrodalbasanmarcello.it\/wp-content\/uploads\/2023\/05\/volantino-colonia-adulti-unione-dei-comuni-2023.doc\">volantino colonia adulti unione dei comuni &#8211; 2023<\/a><\/p>\n<p style=\"text-align: center;\"><span style=\"font-size: 24pt; color: #ff0000;\">AVVISO<\/span><\/p>\n<p style=\"text-align: center;\"><strong>COLONIA MARINA PER MINORI 2023<\/strong><\/p>\n<p style=\"text-align: center;\"><a href=\"https:\/\/www.unionecomunibelvedereomorrodalbasanmarcello.it\/wp-content\/uploads\/2023\/05\/Volantino-colonia-marina-minori-2023.docx\">Volantino colonia marina minori -2023<\/a><\/p>\n<p style=\"text-align: center;\"><span style=\"color: #ff0000; font-size: 24pt;\">AVVISO <\/span><\/p>\n<p style=\"text-align: center;\">DIPARTIMENTO DEI VIGILI DEL FUOCO DEL SOCCORSO PUBBLICO E DELLA DIFESA CIVILE<\/p>\n<p style=\"text-align: center;\">Procedimenti di prevenzione incendi relativi a istanze incentivate con i fondi del<br \/>\nPNRR, PNC e ZES. Attivit\u00e0 di monitoraggio<\/p>\n<p>in\u00a0 occasione della presentazione delle istanze di cui al DPR 151\/2011 siano anche riportati i seguenti dati:<br \/>\n&#8211; Tipologia di finanziamento con fondi: PNRR, PNC, ZES;<br \/>\n&#8211; Indicare se l\u2019istanza \u00e8 collegata alla transizione energetica. In caso positivo specificare se si<br \/>\ntratta di: idrogeno, batterie, fotovoltaico. GNL, altro\u2026<\/p>\n<p>&nbsp;<\/p>\n<p><a href=\"https:\/\/www.unionecomunibelvedereomorrodalbasanmarcello.it\/wp-content\/uploads\/2023\/04\/COM-AN.REGISTRO-UFFICIALE.2023.0007193.pdf\">COM-AN.REGISTRO UFFICIALE.2023.0007193<\/a><\/p>\n<p>&nbsp;<\/p>\n<p style=\"text-align: center;\"><span style=\"font-size: 18pt;\"><strong>AVVISO<\/strong><\/span><\/p>\n<p>Si comunica che a causa dei lavori urgenti di vivaservizi e del sopralluogo fatto nella mattinata odierna, nell&#8217;area antistante il <strong>plesso scolastico in via dell&#8217;Unione, a partire da domani 12.04.2023 fino a fine dei lavori, l&#8217;ordinaria circolazione\u00a0 subir\u00e0 le seguenti modifiche:<\/strong><\/p>\n<ul>\n<li><span style=\"color: #ff6600;\">il parcheggio sottostante l&#8217;anello \u00e8 riservato al personale scolastico con ingresso e\u00a0 uscita a senso unico alternato nell&#8217;unico accesso possibile (lato palestra)\u00a0 La\u00a0 parte finale del parcheggio \u00e8 adibita a cantiere.<\/span><\/li>\n<\/ul>\n<ul>\n<li><span style=\"color: #ff6600;\">piazzola antistante magazzino (parte finale dell&#8217;anello attorno agli edifici scolastici) divieto di sosta per tutti i veicoli per la viabilit\u00e0 degli scuolabus<\/span><\/li>\n<\/ul>\n<p><span style=\"color: #ff6600;\">Rimane\u00a0 la circolazione attorno all&#8217;anello degli edifici scolastici con possibilit\u00e0 di parcheggio per i genitori nella parte dietro le scuole.<\/span><\/p>\n<p>Se saranno necessarie ulteriori modifiche, durante i lavori, verranno comunicate.<\/p>\n<p>Si chiede la massima attenzione e prudenza.<\/p>\n<p>Si ringrazia per la collaborazione.<\/p>\n<p>Il Responsabile P.L. Dott.ssa Veronica Esposto<\/p>\n<h3 style=\"font-weight: inherit;\"><\/h3>\n<p>&nbsp;<\/p>\n<p style=\"text-align: center;\"><span style=\"font-size: 18pt;\"><strong>AVVISO<\/strong><\/span><\/p>\n<p style=\"text-align: center;\"><span style=\"font-size: 24pt; color: #ff0000;\"><strong>AVVISO TRASLOCO TEMPORANEO UFFICI UNIONE DEI COMUNI<\/strong><\/span><\/p>\n<p style=\"text-align: center;\"><a href=\"https:\/\/www.unionecomunibelvedereomorrodalbasanmarcello.it\/wp-content\/uploads\/2023\/01\/Avviso-trasloco-uffici-Unione.docx\">Avviso trasloco uffici Unione<\/a><\/p>\n<p style=\"text-align: center;\"><span style=\"font-size: 18pt;\"><strong>AVVISO<\/strong><\/span><\/p>\n<p style=\"text-align: center;\"><strong><span style=\"font-size: 24pt;\"><span style=\"color: #ff0000;\">AVVISO CAMBIO SERVIZIO TESORERIA E COMUNICAZIONE NUOVE COORDINATE BANCARIE<\/span><\/span><\/strong><\/p>\n<p style=\"text-align: center;\"><a href=\"https:\/\/www.unionecomunibelvedereomorrodalbasanmarcello.it\/wp-content\/uploads\/2023\/01\/AVVISO_TESORERIA_.pdf\">AVVISO_TESORERIA_<\/a><\/p>\n<p style=\"text-align: center;\"><span style=\"font-size: 18pt;\"><strong>AVVISO<\/strong><\/span><\/p>\n<p style=\"text-align: center;\"><span style=\"font-size: 24pt;\"><strong><span style=\"color: #ff6600;\">AVVISO CHIUSURA ISOLA ECOLOGICA NEI GIORNI 24 E 31 DICEMBRE 2022<\/span><\/strong><\/span><\/p>\n<p style=\"text-align: center;\"><a href=\"https:\/\/www.unionecomunibelvedereomorrodalbasanmarcello.it\/wp-content\/uploads\/2022\/12\/avviso-isola-ecologica.pdf\">avviso isola ecologica<\/a><\/p>\n<p style=\"text-align: center;\"><span style=\"font-size: 18pt;\"><strong>AVVISO<\/strong><\/span><\/p>\n<p style=\"text-align: center;\"><span style=\"font-size: 24pt; color: #ff6600;\">P<strong>IANO TRIENNALE DI PREVENZIONE DELLA CORRUZIONE (P.T.P.C.) 2023-2025<\/strong><\/span><\/p>\n<p style=\"text-align: center;\"><a href=\"https:\/\/www.unionecomunibelvedereomorrodalbasanmarcello.it\/wp-content\/uploads\/2022\/12\/AVVISO-P.T.P.C..pdf\">AVVISO P.T.P.C.<\/a><\/p>\n<p style=\"text-align: center;\"><span style=\"font-size: 18pt;\"><strong>AVVISO<\/strong><\/span><\/p>\n<p style=\"text-align: center;\"><strong><span style=\"font-size: 24pt; color: #ff0000;\">AVVISO AGGIUDICAZIONE DEFINITIVA SERVIZIO TESORERIA<\/span><\/strong><\/p>\n<p style=\"text-align: center;\"><a href=\"https:\/\/www.unionecomunibelvedereomorrodalbasanmarcello.it\/wp-content\/uploads\/2022\/11\/AVVISO-AGGIUDICAZIONE-DEFINITIVA.pdf\">AVVISO AGGIUDICAZIONE DEFINITIVA<\/a><\/p>\n<p style=\"text-align: center;\"><a href=\"https:\/\/www.unionecomunibelvedereomorrodalbasanmarcello.it\/wp-content\/uploads\/2022\/11\/DETERMINA-N.224_AGGIUDICAZIONE-DEFINITIVA-TESORERIA.pdf\">DETERMINA N.224_AGGIUDICAZIONE DEFINITIVA TESORERIA<\/a><\/p>\n<p style=\"text-align: center;\"><strong><span style=\"font-size: 18pt;\">AVVISO<\/span><\/strong><\/p>\n<p style=\"text-align: center;\"><strong><span style=\"font-size: 24pt; color: #ff0000;\">AVVISO AGGIUDICAZIONE PROVVISORIA SERVIZIO TESORERIA<\/span><\/strong><\/p>\n<p style=\"text-align: center;\"><a href=\"https:\/\/www.unionecomunibelvedereomorrodalbasanmarcello.it\/wp-content\/uploads\/2022\/11\/AVVISO-AGGIUDICAZIONE-PROVVISORIA-1.pdf\">AVVISO AGGIUDICAZIONE PROVVISORIA<\/a><\/p>\n<p style=\"text-align: center;\"><span style=\"font-size: 18pt;\"><a href=\"https:\/\/www.unionecomunibelvedereomorrodalbasanmarcello.it\/wp-content\/uploads\/2022\/11\/DETERMINA-217_2022_AGGIUDICAZIONE-SERVIZIOTESORERIA.pdf\">DETERMINA 217_2022_AGGIUDICAZIONE SERVIZIO TESORERIA<\/a>\u00a0<\/span><\/p>\n<p style=\"text-align: center;\"><span style=\"font-size: 18pt;\"><strong>AVVISO<\/strong><\/span><\/p>\n<p style=\"text-align: center;\"><span style=\"font-size: 24px;\"><strong><a href=\"https:\/\/www.unionecomunibelvedereomorrodalbasanmarcello.it\/wp-content\/uploads\/2022\/08\/AVVISO-INDAGINE-MERCATO_AFFIDAMENTO-SERVIZIO-TESORERIA_2022_2027.pdf\"><span style=\"font-size: 24pt; color: #ff0000;\">AVVISO INDAGINE MERCATO_AFFIDAMENTO SERVIZIO TESORERIA_2022_2027<\/span><\/a><\/strong><\/span><\/p>\n<p style=\"text-align: center;\"><span style=\"font-size: 24px;\"><strong>AVVIS<\/strong>I<\/span><\/p>\n<p style=\"text-align: center;\"><span style=\"font-size: 24pt; color: #ff6600;\">ESTRATTO AVVISO D&#8217;ASTA<\/span><\/p>\n<p style=\"text-align: center;\"><span style=\"color: #993300;\"><strong><span style=\"font-size: 24pt;\">\u00a0 \u00a0 <a href=\"https:\/\/www.unionecomunibelvedereomorrodalbasanmarcello.it\/wp-content\/uploads\/2022\/07\/Prot_Par-0002758-del-07-07-2022-Documento-ESTRATTO-AVVISO-DASTA.pdf\">Prot_Par 0002758 del 07-07-2022 &#8211; Documento ESTRATTO AVVISO D&#8217;ASTA<\/a> \u00a0 \u00a0 \u00a0 \u00a0 \u00a0 \u00a0 \u00a0 \u00a0 \u00a0 <\/span><\/strong><\/span><\/p>\n<p>&nbsp;<\/p>\n<p style=\"text-align: center;\"><span style=\"color: #993300;\"><strong><span style=\"font-size: 24pt;\">\u00a0 \u00a0 \u00a0 \u00a0 \u00a0 AVVISO: <\/span><\/strong><\/span><\/p>\n<p style=\"text-align: left;\"><span style=\"color: #993300;\"><strong><span style=\"font-size: 24pt;\">CHIUSURA\u00a0 UFFICIO SERVIZI FINANZIARI\u00a0 DAL 30.06.2022 AL 03.07 2022<\/span><\/strong><\/span><\/p>\n<p style=\"text-align: center;\"><a href=\"https:\/\/www.unionecomunibelvedereomorrodalbasanmarcello.it\/wp-content\/uploads\/2022\/06\/AVVISO-CHIUSURA-DAL-30-GIUGNO-AL-3-LUGLIO-2022.pdf\">AVVISO CHIUSURA DAL 30 GIUGNO AL 3 LUGLIO 2022<\/a><\/p>\n<blockquote class=\"wp-embedded-content\" data-secret=\"a0VfJBqzRB\"><p><a href=\"https:\/\/www.unionecomunibelvedereomorrodalbasanmarcello.it\/?attachment_id=1472\">AVVISO PUBBLICO SELEZIONE PER NOMINA NUCLEO DI VALUTAZIONE IN FORMA MONOCRATICA DELL&#8217;UNIONE DEI COMUNI_ALLEGATO A e B<\/a><\/p><\/blockquote>\n<p><iframe class=\"wp-embedded-content\" sandbox=\"allow-scripts\" security=\"restricted\" style=\"position: absolute; clip: rect(1px, 1px, 1px, 1px);\" title=\"&#8220;AVVISO PUBBLICO SELEZIONE PER NOMINA NUCLEO DI VALUTAZIONE IN FORMA MONOCRATICA DELL&#8217;UNIONE DEI COMUNI_ALLEGATO A e B&#8221; &#8212; Unione dei Comuni di Belvedere Ostrense - Morro d&#039;Alba - San Marcello\" src=\"https:\/\/www.unionecomunibelvedereomorrodalbasanmarcello.it\/?attachment_id=1472&#038;embed=true#?secret=MHB8hDCDQv#?secret=a0VfJBqzRB\" data-secret=\"a0VfJBqzRB\" width=\"500\" height=\"282\" frameborder=\"0\" marginwidth=\"0\" marginheight=\"0\" scrolling=\"no\"><\/iframe><\/p>\n<h2 id=\":2af\" class=\"hP\" style=\"text-align: center;\" tabindex=\"-1\" data-thread-perm-id=\"thread-f:1732538431765831003\" data-legacy-thread-id=\"180b3686391d5d5b\"><span style=\"font-size: 24pt; color: #ff0000;\"><strong><a href=\"https:\/\/www.unionecomunibelvedereomorrodalbasanmarcello.it\/?attachment_id=1455\" rel=\"attachment wp-att-1450\">DOMANDA-ISCRIZIONE-TRASPORTO-SCOLASTICO_2022-2023<\/a>\u00a0<\/strong><\/span><\/h2>\n<p>&nbsp;<\/p>\n<h2 class=\"hP\" style=\"text-align: center;\" tabindex=\"-1\" data-thread-perm-id=\"thread-f:1732538431765831003\" data-legacy-thread-id=\"180b3686391d5d5b\"><span style=\"font-size: 24pt; color: #ff0000;\"><strong>NUOVA MODULISTICA SCIA ENOTURISMO<\/strong><\/span><\/h2>\n<p style=\"text-align: center;\">NELLA SEZIONE &#8220;STRUTTURE RICETTIVE (TURISMO)&#8221; E&#8217; PRESENTE LA MODOLUSTICA PER ENOTURISMO<\/p>\n<div id=\":2ab\" class=\"pG\" style=\"text-align: center;\" role=\"img\" data-tooltip-contained=\"true\" data-tooltip-align=\"b,l\" data-tooltip-delay=\"1500\" aria-label=\"Importante secondo Google.\"><span style=\"font-size: 14pt;\">https:\/\/www.unionecomunibelvedereomorrodalbasanmarcello.it\/?page_id=800<\/span><\/div>\n<div role=\"img\" data-tooltip-contained=\"true\" data-tooltip-align=\"b,l\" data-tooltip-delay=\"1500\" aria-label=\"Importante secondo Google.\"><\/div>\n<div style=\"text-align: center;\" role=\"img\" data-tooltip-contained=\"true\" data-tooltip-align=\"b,l\" data-tooltip-delay=\"1500\" aria-label=\"Importante secondo Google.\"><span style=\"font-size: 14pt; color: #ff0000;\">QUI DI SEGUITO LA NORMATIVA REGIONALE<\/span><\/div>\n<div style=\"text-align: center;\" role=\"img\" data-tooltip-contained=\"true\" data-tooltip-align=\"b,l\" data-tooltip-delay=\"1500\" aria-label=\"Importante secondo Google.\"><a href=\"https:\/\/www.unionecomunibelvedereomorrodalbasanmarcello.it\/?attachment_id=1443\" rel=\"attachment wp-att-1443\">ALLEGATO C ELENCO REGIONALE DEGLI OPERATORI ENOTURISTICI<\/a> <a href=\"https:\/\/www.unionecomunibelvedereomorrodalbasanmarcello.it\/?attachment_id=1444\" rel=\"attachment wp-att-1444\">ALLEGATO A TIPOLOGIE PRODOTTI AMMESSI<\/a> <a href=\"https:\/\/www.unionecomunibelvedereomorrodalbasanmarcello.it\/?attachment_id=1445\" rel=\"attachment wp-att-1445\">DGR ELENCO ALIMENTI_MODALITAu0027 PRESENTAZIONE SCIA_ISCRIZIONE ELENCO EROE_2.docx<\/a> <a href=\"https:\/\/www.unionecomunibelvedereomorrodalbasanmarcello.it\/?attachment_id=1446\" rel=\"attachment wp-att-1446\">ALLEGATO B MODALIT\u00c3\u20ac PER LA PRESENTAZIONE SCIA_1<\/a><\/div>\n<div role=\"img\" data-tooltip-contained=\"true\" data-tooltip-align=\"b,l\" data-tooltip-delay=\"1500\" aria-label=\"Importante secondo Google.\"><\/div>\n<div style=\"text-align: center;\" role=\"img\" data-tooltip-contained=\"true\" data-tooltip-align=\"b,l\" data-tooltip-delay=\"1500\" aria-label=\"Importante secondo Google.\"><\/div>\n<p style=\"text-align: center;\"><a href=\"https:\/\/www.unionecomunibelvedereomorrodalbasanmarcello.it\/?attachment_id=1435\" rel=\"attachment wp-att-1435\"><span style=\"font-size: 24pt;\"><strong>AVVISO CHIUSURA ISOLA ECOLOGICA PER IL 16 APRILE 2022<\/strong><\/span><\/a><\/p>\n<p>&nbsp;<\/p>\n<p style=\"text-align: center;\"><a href=\"https:\/\/www.unionecomunibelvedereomorrodalbasanmarcello.it\/wp-content\/uploads\/2021\/12\/AVVISO-TRASPORTO-SCOLASTICO.pdf\" target=\"_blank\" rel=\"noopener\"><span style=\"font-size: 24pt;\">SERVIZIO TRASPORTO SCOLASTICO CON GREEN PASS<\/span><\/a><\/p>\n<p style=\"text-align: center;\"><a href=\"https:\/\/www.unionecomunibelvedereomorrodalbasanmarcello.it\/wp-content\/uploads\/2021\/12\/MODULO-RICHESTA-RIMBORSO-TRASPORTO-SCOLASTICO.pdf\" target=\"_blank\" rel=\"noopener\"><span style=\"font-size: 24pt;\">MODULO RICHIESTA RIMBORSO SCOLASTICO<\/span><\/a><\/p>\n<p>&nbsp;<\/p>\n<p>&nbsp;<\/p>\n<div class=\"_n_p3\">\n<div class=\"conductorContent\" tabindex=\"-1\" role=\"presentation\">\n<div id=\"primaryContainer\" class=\"_n_e\">\n<div>\n<div class=\"conductorContent\" tabindex=\"-1\" role=\"presentation\">\n<div class=\"_n_T\">\n<div class=\"_n_X\" role=\"main\" aria-label=\"Posta\">\n<div class=\"_n_X\">\n<div>\n<div class=\"_n_X\">\n<div class=\"_n_Y\">\n<div class=\"allowTextSelection\" role=\"document\">\n<div class=\"conductorContent\" role=\"presentation\">\n<div class=\"_rp_j\" tabindex=\"-1\">\n<div class=\"_rp_j allowTextSelection\">\n<div class=\"_rp_k allowTextSelection scrollContainer\" tabindex=\"-1\" role=\"region\" aria-label=\"Riquadro di lettura\">\n<div>\n<div tabindex=\"-1\" role=\"list\" aria-label=\"Conversazione\">\n<div tabindex=\"-1\">\n<div tabindex=\"0\" aria-label=\"Contenuto messaggi\">\n<div>\n<div class=\"_rp_f5\" tabindex=\"-1\" aria-label=\"Contenuto messaggio espanso\">\n<div class=\"_rp_R4 ms-border-color-neutralLight ShowReferenceAttachmentsLinks ShowConsesusSchedulingLink\" tabindex=\"-1\">\n<div class=\"_rp_45 _rp_35\">\n<div role=\"document\">\n<div id=\"Item.MessagePartBody\" class=\"_rp_T4\">\n<div id=\"Item.MessageUniqueBody\" class=\"_rp_U4 ms-font-weight-regular ms-font-color-neutralDark rpHighlightAllClass rpHighlightBodyClass\">\n<div class=\"rps_10fa\">\n<div>\n<div>\n<div>\n<div>\n<p style=\"text-align: center;\"><span style=\"font-size: 18pt;\">ORARI DELL&#8217;ISOLA ECOLOGICA\u00a0\u00a0<\/span><\/p>\n<p style=\"text-align: center;\">Sar\u00e0 possibile conferire i materiali di rifiuto nei seguenti orari settimanali e con le seguenti\u00a0 modalit\u00e0 elencate<\/p>\n<p style=\"text-align: center;\"><span style=\"font-size: 18pt;\"><strong>MARTEDI\u00a0\u00a0 09,00-11,30\u00a0\u00a0\u00a0\u00a0\u00a0\u00a0\u00a0\u00a0\u00a0\u00a0\u00a0\u00a0\u00a0\u00a0\u00a0 GIOVEDI\u00a0\u00a0\u00a0 09,00-11,30\u00a0\u00a0 \u00a0\u00a0\u00a0\u00a0\u00a0\u00a0\u00a0\u00a0 SABATO\u00a0 09,00-11,30<\/strong><\/span><\/p>\n<p>Il conferimento dei materiali di rifiuto all\u2019Isola ecologica avverr\u00e0 con il sistema della prenotazione telefonica:-il numero reperibile \u00e8 il seguente <span style=\"font-size: 14pt;\">3204385481<\/span> e sar\u00e0 accessibile nei medesimi giorni ed orari del conferimento -i cittadini potranno telefonare e prenotare un orario preciso in modo tale che non si creino raggruppamenti, n\u00e9 file di attesa\u00a0 -Il conferimento dei diversi materiali: carta, materiali legnosi\/ferrosi, sfalci e potature ed ingombranti dovr\u00e0 avvenire autonomamente da parte di chi scarica i rifiuti senza la possibilit\u00e0 di avere la collaborazione del personale di vigilanza;<\/p>\n<\/div>\n<\/div>\n<\/div>\n<\/div>\n<\/div>\n<\/div>\n<\/div>\n<\/div>\n<\/div>\n<\/div>\n<\/div>\n<\/div>\n<\/div>\n<\/div>\n<\/div>\n<\/div>\n<\/div>\n<\/div>\n<\/div>\n<\/div>\n<\/div>\n<\/div>\n<\/div>\n<\/div>\n<\/div>\n<\/div>\n<\/div>\n<\/div>\n<\/div>\n<\/div>\n<\/div>\n<\/div>\n<p>&nbsp;<\/p>\n<div>\n<div style=\"text-align: center;\">\n<h2 class=\"entry_title\"><a href=\"https:\/\/www.unionecomunibelvedereomorrodalbasanmarcello.it\/wp-content\/uploads\/2021\/03\/NUOVO-IBAN-UNIONE-dal-22.2.2021.docx\">NUOVO IBAN UNIONE dal 22.2.2021: IT49Z0538737560000042096804<\/a><\/h2>\n<p>&nbsp;<\/p>\n<\/div>\n<div>\n<p style=\"text-align: center;\"><span style=\"font-size: 24pt; color: #3366ff;\">Ministero della Salute- Tutta la Normativa di settore aggiornata al link:<br \/>\n<\/span><\/p>\n<p style=\"text-align: center;\"><span style=\"font-size: 24pt; color: #3366ff;\"><a href=\"http:\/\/www.salute.gov.it\/portale\/nuovocoronavirus\/archivioNormativaNuovoCoronavirus.jsp\"><span style=\"font-size: 14pt;\">http:\/\/www.salute.gov.it\/portale\/nuovocoronavirus\/archivioNormativaNuovoCoronavirus.jsp<\/span><\/a><\/span><\/p>\n<\/div>\n<\/div>\n<div><\/div>\n<div style=\"text-align: center;\"><span style=\"font-size: 24pt;\">AVVISO PER TRASPORTO SCOLASTICO<\/span><\/div>\n<div style=\"text-align: center;\">ALLEGATI:<\/div>\n<div><\/div>\n<div><span style=\"font-size: 14pt;\"><a href=\"https:\/\/www.unionecomunibelvedereomorrodalbasanmarcello.it\/wp-content\/uploads\/2020\/08\/AVVISO-TRASPORTO-SCOLASTICO.pdf\">AVVISO TRASPORTO SCOLASTICO<\/a><\/span><\/div>\n<div><\/div>\n<div><span style=\"font-size: 14pt;\"><a href=\"https:\/\/www.unionecomunibelvedereomorrodalbasanmarcello.it\/wp-content\/uploads\/2020\/08\/All_B-DOMANDA-ISCRIZIONE-TRASPORTO-SCOLASTICO-2020_2021.pdf\">All_B) DOMANDA-ISCRIZIONE-TRASPORTO-SCOLASTICO-2020_2021<\/a><\/span><\/div>\n<div><\/div>\n<div><span style=\"font-size: 14pt;\"><a href=\"https:\/\/www.unionecomunibelvedereomorrodalbasanmarcello.it\/wp-content\/uploads\/2020\/08\/All_A-Modulo-richiesta-rimborso-trasporto.pdf\">All_A) Modulo-richiesta-rimborso-trasporto<\/a><\/span><\/div>\n<div><\/div>\n<div><a href=\"https:\/\/www.unionecomunibelvedereomorrodalbasanmarcello.it\/wp-content\/uploads\/2020\/08\/Lettera-Trasporto-scolastico-200820.docx\"><span style=\"font-size: 18pt;\">Lettera Trasporto scolastico 200820<\/span><\/a><a href=\"https:\/\/www.unionecomunibelvedereomorrodalbasanmarcello.it\/wp-content\/uploads\/2020\/09\/Lettera-Trasporto-scolastico-040920.docx\">Lettera Trasporto scolastico 040920<\/a><\/div>\n<div><\/div>\n<div><span style=\"font-size: 18pt;\"><a href=\"https:\/\/www.unionecomunibelvedereomorrodalbasanmarcello.it\/wp-content\/uploads\/2020\/09\/Lettera-Trasporto-scolastico-040920.docx\">Lettera Trasporto scolastico 040920<\/a><\/span><\/div>\n<div><\/div>\n<div><\/div>\n<div><\/div>\n<div><\/div>\n<div>\u00a0\u00a0\u00a0\u00a0\u00a0\u00a0\u00a0\u00a0\u00a0\u00a0\u00a0\u00a0\u00a0\u00a0\u00a0\u00a0\u00a0\u00a0\u00a0\u00a0\u00a0\u00a0\u00a0\u00a0\u00a0\u00a0\u00a0\u00a0\u00a0\u00a0\u00a0\u00a0\u00a0\u00a0\u00a0<span style=\"font-size: 24pt; color: #3366ff;\"> RINNOVO DELLE CONCESSIONI DI POSTEGGIO IN SCADENZA IL 31\/12\/2020<\/span><\/div>\n<div style=\"text-align: center;\"><\/div>\n<div style=\"text-align: center;\"><span style=\"color: #000080;\"><span style=\"font-size: 18pt;\">Avvio d\u2019ufficio del procedimento di rinnovo delle concessioni di posteggo per l\u2019esercizio del commercio su area pubblica e di vendita da parte dei produttori agricoli relativamente ai Comuni di Belvedere O., Morro D&#8217;Alba e San Marcello in scadenza il 31\/12\/2020 <\/span><\/span><\/div>\n<div><\/div>\n<div style=\"text-align: center;\"><span style=\"color: #000080;\"><span style=\"font-size: 18pt;\"><a href=\"https:\/\/www.unionecomunibelvedereomorrodalbasanmarcello.it\/wp-content\/uploads\/2020\/12\/AVVISO-PUBBLICO.pdf\">\u00a0AVVISO PUBBLICO<\/a><\/span><\/span><span style=\"color: #000080;\"><span style=\"font-size: 18pt;\"><br \/>\n<\/span><\/span><\/div>\n<div>\n<p>&nbsp;<\/p>\n<p style=\"text-align: center;\"><span style=\"font-size: 14pt;\"><strong><u>INFO<\/u><\/strong><\/span><\/p>\n<p><span style=\"font-size: 14pt;\">Questa \u00e8 la sezione del sito dell\u2019Ente dedicata al rispetto degli obblighi di trasparenza tramite siti internet previsti dall\u2019articolo 3 del TESTO INTEGRATO IN TEMA DI TRASPARENZA (TITR) allegato alla deliberazione ARERA n. 444\/2019. Il comma 3.1 prevede un elenco di informazioni che devono essere riportate suddiviso in lettere che vanno dalla a) alla s). Per favorire la chiara identificazione da parte degli utenti delle informazioni inerenti all\u2019ambito territoriale in cui si colloca l\u2019utenza, nonch\u00e9 la comprensibilit\u00e0 delle medesime informazioni la struttura segue pertanto l\u2019ordine dettato da ARERA e a fianco di ogni voce \u00e8 riportato il riferimento normativo cui l\u2019Ente adempie.<\/span><\/p>\n<p>&nbsp;<\/p>\n<\/div>\n","protected":false},"excerpt":{"rendered":"<p>&nbsp; Comune Belvedere Ostrense Comune Morro d&#8217;Alba Comune San Marcello &nbsp;<\/p>\n","protected":false},"author":1,"featured_media":0,"parent":0,"menu_order":0,"comment_status":"closed","ping_status":"closed","template":"","meta":[],"_links":{"self":[{"href":"https:\/\/www.unionecomunibelvedereomorrodalbasanmarcello.it\/index.php?rest_route=\/wp\/v2\/pages\/18"}],"collection":[{"href":"https:\/\/www.unionecomunibelvedereomorrodalbasanmarcello.it\/index.php?rest_route=\/wp\/v2\/pages"}],"about":[{"href":"https:\/\/www.unionecomunibelvedereomorrodalbasanmarcello.it\/index.php?rest_route=\/wp\/v2\/types\/page"}],"author":[{"embeddable":true,"href":"https:\/\/www.unionecomunibelvedereomorrodalbasanmarcello.it\/index.php?rest_route=\/wp\/v2\/users\/1"}],"replies":[{"embeddable":true,"href":"https:\/\/www.unionecomunibelvedereomorrodalbasanmarcello.it\/index.php?rest_route=%2Fwp%2Fv2%2Fcomments&post=18"}],"version-history":[{"count":230,"href":"https:\/\/www.unionecomunibelvedereomorrodalbasanmarcello.it\/index.php?rest_route=\/wp\/v2\/pages\/18\/revisions"}],"predecessor-version":[{"id":1835,"href":"https:\/\/www.unionecomunibelvedereomorrodalbasanmarcello.it\/index.php?rest_route=\/wp\/v2\/pages\/18\/revisions\/1835"}],"wp:attachment":[{"href":"https:\/\/www.unionecomunibelvedereomorrodalbasanmarcello.it\/index.php?rest_route=%2Fwp%2Fv2%2Fmedia&parent=18"}],"curies":[{"name":"wp","href":"https:\/\/api.w.org\/{rel}","templated":true}]}}